{"id":647,"date":"2014-12-18T21:17:53","date_gmt":"2014-12-18T20:17:53","guid":{"rendered":"http:\/\/scrapbretagne.fr\/blog\/?page_id=647"},"modified":"2025-10-15T20:35:31","modified_gmt":"2025-10-15T19:35:31","slug":"evenements-2","status":"publish","type":"page","link":"https:\/\/scrapbretagne.fr\/blog\/?page_id=647","title":{"rendered":"Ev\u00e8nements plus anciens"},"content":{"rendered":"\n<h2 class=\"wp-block-heading has-luminous-vivid-orange-color has-text-color has-link-color wp-elements-ac34a1b79a9a31559b164d4744fd8483\">&#8211; Week-end KERFANY les 5 et 6 avril 2025 &#8211;<\/h2>\n\n\n\n<figure class=\"wp-block-image size-full\"><a href=\"https:\/\/scrapbretagne.fr\/blog\/wp-content\/uploads\/2025\/03\/Plaquette-Kerfany-2025.jpg\"><img loading=\"lazy\" decoding=\"async\" width=\"437\" height=\"617\" src=\"https:\/\/scrapbretagne.fr\/blog\/wp-content\/uploads\/2025\/03\/Plaquette-Kerfany-2025.jpg\" alt=\"\" class=\"wp-image-7029\" srcset=\"https:\/\/scrapbretagne.fr\/blog\/wp-content\/uploads\/2025\/03\/Plaquette-Kerfany-2025.jpg 437w, https:\/\/scrapbretagne.fr\/blog\/wp-content\/uploads\/2025\/03\/Plaquette-Kerfany-2025-212x300.jpg 212w\" sizes=\"auto, (max-width: 437px) 100vw, 437px\" \/><\/a><\/figure>\n\n\n\n<hr class=\"wp-block-separator has-alpha-channel-opacity\"\/>\n\n\n\n<h2 class=\"wp-block-heading has-luminous-vivid-orange-color has-text-color\">&#8211; Week-end KERFANY les 23 et 24 mars 2024 &#8211;<\/h2>\n\n\n\n<p class=\"has-text-align-center\"><strong>La plaquette 2024 \u00e0 imprimer par vos soins avant le week-end<\/strong><\/p>\n\n\n<div class=\"wp-block-image\">\n<figure class=\"aligncenter size-full\"><a href=\"https:\/\/scrapbretagne.fr\/blog\/wp-content\/uploads\/2024\/03\/2024_03-WE_Kerfany.pdf\"><img loading=\"lazy\" decoding=\"async\" width=\"442\" height=\"617\" src=\"https:\/\/scrapbretagne.fr\/blog\/wp-content\/uploads\/2024\/03\/Page-de-garde.jpg\" alt=\"\" class=\"wp-image-6681\" srcset=\"https:\/\/scrapbretagne.fr\/blog\/wp-content\/uploads\/2024\/03\/Page-de-garde.jpg 442w, https:\/\/scrapbretagne.fr\/blog\/wp-content\/uploads\/2024\/03\/Page-de-garde-215x300.jpg 215w\" sizes=\"auto, (max-width: 442px) 100vw, 442px\" \/><\/a><\/figure>\n<\/div>\n\n\n<hr class=\"wp-block-separator has-alpha-channel-opacity\"\/>\n\n\n\n<h2 class=\"wp-block-heading has-luminous-vivid-orange-color has-text-color\">&#8211; Week-end KERFANY des 15 et 16 avril 2023 &#8211;<\/h2>\n\n\n\n<hr class=\"wp-block-separator has-alpha-channel-opacity\"\/>\n\n\n\n<p>La plaquette y compris les annexes <\/p>\n\n\n<div class=\"wp-block-image\">\n<figure class=\"aligncenter size-full is-resized\"><a href=\"https:\/\/scrapbretagne.fr\/blog\/wp-content\/uploads\/2023\/04\/2023_04-WE_Kerfany-Plaquette.pdf\"><img loading=\"lazy\" decoding=\"async\" width=\"494\" height=\"699\" src=\"https:\/\/scrapbretagne.fr\/blog\/wp-content\/uploads\/2023\/04\/2023-04-07_221406.jpg\" alt=\"\" class=\"wp-image-5344\" style=\"width:237px;height:335px\" srcset=\"https:\/\/scrapbretagne.fr\/blog\/wp-content\/uploads\/2023\/04\/2023-04-07_221406.jpg 494w, https:\/\/scrapbretagne.fr\/blog\/wp-content\/uploads\/2023\/04\/2023-04-07_221406-212x300.jpg 212w\" sizes=\"auto, (max-width: 494px) 100vw, 494px\" \/><\/a><\/figure>\n<\/div>\n\n\n<p>Bonne pr\u00e9paration !!!<br>       Plaquette Kerfany 2023 : <br>       \u00e0 imprimer par vous-m\u00eame avant le s\u00e9jour : Lien  <a href=\"https:\/\/scrapbretagne.fr\/blog\/wp-content\/uploads\/2023\/04\/2023_04-WE_Kerfany-Plaquette.pdf\"><strong>ICI<\/strong><\/a><\/p>\n\n\n\n<hr class=\"wp-block-separator has-alpha-channel-opacity\"\/>\n\n\n\n<h2 class=\"wp-block-heading has-luminous-vivid-orange-color has-text-color\">&#8211; Week-end KERFANY des 9 et 10 avril 2022 &#8211;<\/h2>\n\n\n\n<hr class=\"wp-block-separator has-alpha-channel-opacity\"\/>\n\n\n\n<p>La plaquette y compris les annexes <\/p>\n\n\n<div class=\"wp-block-image\">\n<figure class=\"aligncenter size-full is-resized\"><a href=\"https:\/\/scrapbretagne.fr\/blog\/wp-content\/uploads\/2022\/04\/Kerfany-Plaquette-2022.pdf\"><img loading=\"lazy\" decoding=\"async\" width=\"491\" height=\"695\" src=\"https:\/\/scrapbretagne.fr\/blog\/wp-content\/uploads\/2022\/04\/Plaquette-couverture.jpg\" alt=\"\" class=\"wp-image-4791\" style=\"width:237px;height:335px\" srcset=\"https:\/\/scrapbretagne.fr\/blog\/wp-content\/uploads\/2022\/04\/Plaquette-couverture.jpg 491w, https:\/\/scrapbretagne.fr\/blog\/wp-content\/uploads\/2022\/04\/Plaquette-couverture-212x300.jpg 212w\" sizes=\"auto, (max-width: 491px) 100vw, 491px\" \/><\/a><\/figure>\n<\/div>\n\n\n<p>Bonne pr\u00e9paration !!!<br>       Plaquette Kerfany 2022 : <br>       \u00e0 imprimer par vous-m\u00eame avant le s\u00e9jour : Lien  <a href=\"https:\/\/scrapbretagne.fr\/blog\/wp-content\/uploads\/2022\/04\/Kerfany-Plaquette-2022.pdf\"><strong>ICI<\/strong><\/a><\/p>\n\n\n\n<hr class=\"wp-block-separator has-alpha-channel-opacity\"\/>\n\n\n\n<h2 class=\"wp-block-heading has-luminous-vivid-orange-color has-text-color\">&#8211; Week-end KERFANY des 3 et 4 octobre 2020 &#8211;<\/h2>\n\n\n\n<hr class=\"wp-block-separator has-css-opacity\"\/>\n\n\n\n<p>La plaquette et les annexes <\/p>\n\n\n<div class=\"wp-block-image\">\n<figure class=\"aligncenter size-large is-resized\"><a href=\"http:\/\/scrapbretagne.fr\/blog\/wp-content\/uploads\/2020\/09\/2020-10_WE_Kerfany.pdf\"><img loading=\"lazy\" decoding=\"async\" width=\"500\" height=\"702\" src=\"http:\/\/scrapbretagne.fr\/blog\/wp-content\/uploads\/2020\/09\/2020-09-23_Plaquette-page-de-garde.jpg\" alt=\"\" class=\"wp-image-3424\" style=\"width:229px;height:322px\" srcset=\"https:\/\/scrapbretagne.fr\/blog\/wp-content\/uploads\/2020\/09\/2020-09-23_Plaquette-page-de-garde.jpg 500w, https:\/\/scrapbretagne.fr\/blog\/wp-content\/uploads\/2020\/09\/2020-09-23_Plaquette-page-de-garde-214x300.jpg 214w\" sizes=\"auto, (max-width: 500px) 100vw, 500px\" \/><\/a><\/figure>\n<\/div>\n\n\n<p><\/p>\n\n\n<div class=\"wp-block-image\">\n<figure class=\"aligncenter size-large is-resized\"><a href=\"http:\/\/scrapbretagne.fr\/blog\/wp-content\/uploads\/2020\/09\/KERFANY-Annexe-1-1.pdf\"><img loading=\"lazy\" decoding=\"async\" width=\"724\" height=\"1024\" src=\"http:\/\/scrapbretagne.fr\/blog\/wp-content\/uploads\/2020\/09\/KERFANY-Annexe-1-2-pdf-724x1024.jpg\" alt=\"\" class=\"wp-image-3428\" style=\"width:223px;height:314px\"\/><\/a><\/figure>\n<\/div>\n\n\n<hr class=\"wp-block-separator has-css-opacity\"\/>\n\n\n\n<h2 class=\"wp-block-heading has-text-align-center\">Visuel &#8220;SE CREER DE BEAUX SOUVENIRS&#8221;<\/h2>\n\n\n<div class=\"wp-block-image\">\n<figure class=\"aligncenter size-large is-resized\"><a href=\"http:\/\/scrapbretagne.fr\/blog\/wp-content\/uploads\/2020\/10\/Visuel-Beaux-Souvenirs-1.pdf\"><img loading=\"lazy\" decoding=\"async\" width=\"277\" height=\"354\" src=\"http:\/\/scrapbretagne.fr\/blog\/wp-content\/uploads\/2020\/10\/2020-10-02-vISUEL.jpg\" alt=\"\" class=\"wp-image-3527\" style=\"width:209px;height:267px\" srcset=\"https:\/\/scrapbretagne.fr\/blog\/wp-content\/uploads\/2020\/10\/2020-10-02-vISUEL.jpg 277w, https:\/\/scrapbretagne.fr\/blog\/wp-content\/uploads\/2020\/10\/2020-10-02-vISUEL-235x300.jpg 235w\" sizes=\"auto, (max-width: 277px) 100vw, 277px\" \/><\/a><\/figure>\n<\/div>\n\n\n<div class=\"wp-block-buttons is-layout-flex wp-block-buttons-is-layout-flex\">\n<div class=\"wp-block-button is-style-outline is-style-outline--1\"><a class=\"wp-block-button__link has-vivid-cyan-blue-color has-very-light-gray-background-color has-text-color has-background wp-element-button\" href=\"http:\/\/scrapbretagne.fr\/blog\/wp-content\/uploads\/2020\/10\/Visuel-Beaux-Souvenirs-1.pdf\" style=\"border-radius:13px\">T\u00e9l\u00e9charger et Imprimer<\/a><\/div>\n<\/div>\n\n\n\n<hr class=\"wp-block-separator has-css-opacity\"\/>\n\n\n\n<div class=\"wp-block-group\"><div class=\"wp-block-group__inner-container is-layout-flow wp-block-group-is-layout-flow\">\n<h3 class=\"wp-block-heading has-text-align-center\">MESURES COVID 19<\/h3>\n\n\n\n<p class=\"has-very-dark-gray-color has-text-color\"><strong>BEG PORZ KERFANY \u2013 COVID19<\/strong> \u2013<strong> dossier de pr\u00e9vention complet sur leur site :<\/strong><\/p>\n\n\n\n<p class=\"has-text-align-center\"><a href=\"https:\/\/www.beg-porz.com\/\">https:\/\/www.beg-porz.com\/<\/a><\/p>\n\n\n\n<ul class=\"wp-block-list\">\n<li><strong>Port du masque obligatoire dans les parties communes<\/strong> (restaurant, accueil, salle d\u2019activit\u00e9, couloirs&#8230;)<\/li>\n\n\n\n<li><strong>R\u00e9f\u00e9rente accueil<\/strong>&nbsp;: Marie-Yvette Trolez. Elle sera la seule \u00e0 avoir acc\u00e8s \u00e0 l\u2019accueil et vous remettra les cl\u00e9s.<\/li>\n\n\n\n<li><strong>Chambre individuelle fortement recommand\u00e9e<\/strong> (+ 14 \u20ac \u00e0 r\u00e9gler rapidement aupr\u00e8s de Marie-Yvette si vous choisissez cette option).&nbsp; Dans les chambres doubles,&nbsp; les lits individuels peuvent \u00eatre s\u00e9par\u00e9s (1 m ???) &nbsp;pour respecter les distanciations sociales.&nbsp;<\/li>\n\n\n\n<li>Il vous sera demand\u00e9 de d\u00e9poser votre linge de lit et de toilette dans un sac poubelle pr\u00e9vu \u00e0 cet effet dans votre chambre (celui-ci sera \u00e0 fermer pour \u00e9viter les contacts pour le personnel), d&#8217;a\u00e9rer la chambre lors de votre d\u00e9part par ouverture de la fen\u00eatre. Vous devrez d\u00e9barrasser votre chambre des papiers et d\u00e9chets en les d\u00e9posant dans un sac poubelle herm\u00e9tiquement ferm\u00e9 ou en les rapportant \u00e0 votre domicile. La cl\u00e9 de votre chambre sera \u00e0 remettre \u00e0 Marie- Yvette.<\/li>\n\n\n\n<li>Compte-tenu des conditions d\u2019acc\u00e8s \u00e0 la piscine, trop contraignantes, impos\u00e9es par le centre, nous avons fait le choix de supprimer l&#8217;option piscine pour cette ann\u00e9e.<\/li>\n\n\n\n<li>Restaurant&nbsp;: Le lavage des mains est obligatoire en rentrant au restaurant. Port du masque obligatoire \u00e9galement sauf \u00e0 table. Le masque est \u00e0 remettre pour tous d\u00e9placements. Les plats vous seront servis \u00e0 table. La limite des convives par table est de 10 personnes formant un groupe homog\u00e8ne de personnes (famille, amis) et pr\u00e9constitu\u00e9. Votre place sera attitr\u00e9e pour tout le week-end, y compris pour le petit-d\u00e9jeuner. Disposition laissant 1m minimum de distance entre chaque table. Des claustras sont install\u00e9s. Chaque r\u00e9sidant aura \u00e0 sa disposition une pochette cartonn\u00e9e personnelle o\u00f9 il apposera son nom. Cette pochette restera durant tout le s\u00e9jour sur sa table \u00e0 sa place attitr\u00e9e.<\/li>\n\n\n\n<li>La salle d\u2019activit\u00e9 devra \u00eatre r\u00e9guli\u00e8rement a\u00e9r\u00e9e (les frileuses, pensez \u00e0 votre petite laine). La d\u00e9sinfection des tables et chaises est \u00e0 la charge des utilisatrices.<\/li>\n<\/ul>\n\n\n\n<hr class=\"wp-block-separator has-css-opacity\"\/>\n\n\n\n<p class=\"has-very-dark-gray-color has-text-color\"><strong>SCRAP EN BRETAGNE\u2013 un objectif&nbsp;: r\u00e9duire au maximum les regroupements et la circulation des adh\u00e9rentes dans la salle<\/strong><\/p>\n\n\n\n<ul class=\"wp-block-list\">\n<li>Le principe d\u2019auberge espagnol est supprim\u00e9 et remplac\u00e9 par un pique -nique \u00e0 l\u2019ext\u00e9rieur si le temps le permet ou chacune \u00e0 sa place dans la salle d\u2019activit\u00e9. Chacune apportera sa propre collation, ses boissons afin d\u2019\u00e9viter tout partage. Pas de friandises au coin caf\u00e9.<\/li>\n\n\n\n<li>Pas de pot de convivialit\u00e9, \u00e9vitez au maximum les regroupements \u00e0 l\u2019int\u00e9rieur de la salle d\u2019activit\u00e9s.<\/li>\n\n\n\n<li>Un coin caf\u00e9 sera n\u00e9anmoins mis \u00e0 disposition (th\u00e9, caf\u00e9, tisane). Pensez \u00e0 apporter votre sucre, lait\u2026 Lavage des mains obligatoire avant de se servir (du gel hydroalcoolique sera d\u00e9di\u00e9 \u00e0 cet espace).<\/li>\n\n\n\n<li>Afin de limiter au maximum la circulation des adh\u00e9rentes, le mat\u00e9riel de l\u2019asso ne sera pas mis \u00e0 disposition cette ann\u00e9e. Chacune apportera son propre mat\u00e9riel et sera responsable de sa d\u00e9sinfection. Pr\u00e9voir individuellement gel hydroalcoolique, lingettes ou essuie-tout.<\/li>\n<\/ul>\n\n\n\n<hr class=\"wp-block-separator has-css-opacity\"\/>\n\n\n\n<p class=\"has-very-dark-gray-color has-text-color\"><strong>KERUDOC CREATION <a>\u2013 un objectif&nbsp;: r\u00e9duire au maximum les regroupements et la circulation des adh\u00e9rentes dans la salle<\/a><\/strong><\/p>\n\n\n\n<ul class=\"wp-block-list\">\n<li>Afin de limiter au maximum la d\u00e9gradation du mat\u00e9riel de Karen et par gain de temps, nous avons opt\u00e9 pour une utilisation apr\u00e8s lavage des mains syst\u00e9matique.<\/li>\n\n\n\n<li>Le tamponnage des fonds de page et l\u2019utilisation des matrices de d\u00e9coupe se feront aux tables d\u00e9di\u00e9es par petit groupe, apr\u00e8s lavage des mains.<\/li>\n\n\n\n<li>Pour le tamponnage des embellissements, un panier circulera sur les tables, apr\u00e8s lavage des mains<\/li>\n\n\n\n<li>Karen circulera sur les tables avec les Brushos et les vapos d\u2019eau, apr\u00e8s lavage des mains.<\/li>\n\n\n\n<li>Acc\u00e8s boutique avec masque, pas plus de 2\/3 personnes \u00e0 la fois, apr\u00e8s lavage des mains (du gel hydroalcoolique sera d\u00e9di\u00e9 \u00e0 cet espace).<\/li>\n\n\n\n<li>Afin d\u2019\u00e9viter de toucher le projet de Karen, l\u2019ensemble des photos du projet vous sera diffus\u00e9 accompagn\u00e9e d\u2019un pas \u00e0 pas (\u00e0 imprimer par vos soins ou \u00e0 consulter sur vos \u00e9crans)<\/li>\n\n\n\n<li>Un tuto clair accompagn\u00e9 d\u2019un plan de d\u00e9coupe sera inclus au kit.<\/li>\n<\/ul>\n\n\n\n<hr class=\"wp-block-separator has-css-opacity\"\/>\n\n\n\n<p><strong>MATERIEL COMPLEMENTAIRE A PREVOIR OBLIGATOIREMENT<\/strong><\/p>\n\n\n\n<ul class=\"wp-block-list\">\n<li>Votre propre Gel hydroalcoolique, essuie-tout et pinceaux<\/li>\n<\/ul>\n\n\n\n<hr class=\"wp-block-separator has-css-opacity\"\/>\n\n\n\n<p><strong>MATERIEL UTILISE PAR KAREN POUR SON ATELIER \u2013 A APPORTER SI VOUS AVEZ OU DISPONIBLE A LA BOUTIQUE<\/strong><\/p>\n\n\n\n<p class=\"has-text-align-center\"><strong>(AFIN DE LIMITER AU MAXIMUN LES ECHANGES)<\/strong><\/p>\n\n\n\n<ul class=\"wp-block-list\">\n<li>Encres&nbsp;: &nbsp;Versafine Clair Warm Breeze , Archival Jet Black (noire), Stazon noire, et Distress Ink Black Soot<\/li>\n\n\n\n<li>Tampons acryliques&nbsp;: collection Yellow: &#8216;Prendre le temps&#8217; et &#8216;Tout ce qui compte&#8217;.<\/li>\n\n\n\n<li>Tampons bois&nbsp;: Floril\u00e8ges Design: &#8216;feuillage bicolore&#8217;, &#8216;sept \u00e9tiquettes \u00e9cole&#8217;, &#8216;le temps de vivre&#8217;, &#8216;texte photo&#8217;; chez Ateliers de Karine &#8216;pince moi&#8217;; chez Chou &amp; Flowers &#8216;Nos belles histoires&#8217;.<\/li>\n<\/ul>\n\n\n\n<p class=\"has-text-align-right\">Solange, Marie-Yvette et H\u00e9l\u00e8ne <\/p>\n<\/div><\/div>\n\n\n\n<hr class=\"wp-block-separator has-css-opacity\"\/>\n\n\n\n<h2 class=\"wp-block-heading has-text-align-center\"><span style=\"color: #ff6600; font-family: 'calibri', sans-serif;\">&#8211; Week-end KERFANY Mars 2020 &#8211;<\/span> <\/h2>\n\n\n\n<h3 class=\"wp-block-heading has-text-align-center\">Report\u00e9  aux 3 et 4 Octobre<\/h3>\n\n\n\n<h3 class=\"wp-block-heading has-vivid-red-color has-text-color\">ATTENTION : 13\/09\/20 =&gt; Mise \u00e0 jour de la plaquette en cours<\/h3>\n\n\n\n<div class=\"wp-block-group\"><div class=\"wp-block-group__inner-container is-layout-flow wp-block-group-is-layout-flow\">\n<p>Bonne pr\u00e9paration !!!<br>       Plaquette Kerfany 2020 : Lien <a href=\"http:\/\/scrapbretagne.fr\/blog\/wp-content\/uploads\/2020\/03\/2020_WE_Kerfany.pdf\">ICI<\/a><br>       Annexes \u00e0 imprimer par vous-m\u00eame avant le s\u00e9jour : Lien  <a href=\"http:\/\/scrapbretagne.fr\/blog\/wp-content\/uploads\/2020\/09\/KERFANY-Annexe-.pdf\">ICI<\/a><\/p>\n<\/div><\/div>\n\n\n\n<hr class=\"wp-block-separator has-css-opacity\"\/>\n\n\n\n<h2 class=\"wp-block-heading has-text-align-center\"><span style=\"color: #ff6600; font-family: 'calibri', sans-serif;\">&#8211; Petit aper\u00e7u des nouveaux locaux &#8211;<\/span><\/h2>\n\n\n\n<p>Hier, j&#8217;ai visit\u00e9 pour vous les nouveaux locaux de L&#8217;ARPAQ en pr\u00e9sence de M. TROLEZ que je remercie.<br> Les volumes de la pi\u00e8ce d&#8217;activit\u00e9 sont sensiblement les m\u00eames que ceux de l&#8217;ancien b\u00e2timent                         (104 m\u00b2).<br> &#8211; L&#8217;armoire qui nous est allou\u00e9e est la deuxi\u00e8me en partant de la gauche (larg. 120 x Prof. 50 &#8211; 4 tablettes). Je pense que nos 15 cartons auront du mal \u00e0 trouver leurs places.<br> &#8211; 12 tables rectangulaires (Long.150 xl arg. 80) sur roulettes sont en cours de montage. Soit une table pour 2 (un peu juste je pense).<br> &#8211; La cuisine fera r\u00eaver plus d&#8217;une ! Elle sera prochainement \u00e9quip\u00e9e de tables et chaises.<br> L&#8217;ensemble est tr\u00e8s color\u00e9.<\/p>\n\n\n\n<p>                                    Solange<\/p>\n\n\n\n<figure class=\"wp-block-gallery has-nested-images columns-default is-cropped wp-block-gallery-2 is-layout-flex wp-block-gallery-is-layout-flex\">\n<figure class=\"wp-block-image size-large\"><img loading=\"lazy\" decoding=\"async\" width=\"1024\" height=\"682\" data-id=\"2932\" src=\"https:\/\/scrapbretagne.fr\/blog\/wp-content\/uploads\/2020\/02\/P2120010.jpg\" alt=\"\" class=\"wp-image-2932\" srcset=\"https:\/\/scrapbretagne.fr\/blog\/wp-content\/uploads\/2020\/02\/P2120010.jpg 1024w, https:\/\/scrapbretagne.fr\/blog\/wp-content\/uploads\/2020\/02\/P2120010-300x200.jpg 300w, https:\/\/scrapbretagne.fr\/blog\/wp-content\/uploads\/2020\/02\/P2120010-768x512.jpg 768w, https:\/\/scrapbretagne.fr\/blog\/wp-content\/uploads\/2020\/02\/P2120010-600x400.jpg 600w\" sizes=\"auto, (max-width: 1024px) 100vw, 1024px\" \/><\/figure>\n\n\n\n<figure class=\"wp-block-image size-large\"><img loading=\"lazy\" decoding=\"async\" width=\"1024\" height=\"682\" data-id=\"2931\" src=\"https:\/\/scrapbretagne.fr\/blog\/wp-content\/uploads\/2020\/02\/P2120009.jpg\" alt=\"\" class=\"wp-image-2931\" srcset=\"https:\/\/scrapbretagne.fr\/blog\/wp-content\/uploads\/2020\/02\/P2120009.jpg 1024w, https:\/\/scrapbretagne.fr\/blog\/wp-content\/uploads\/2020\/02\/P2120009-300x200.jpg 300w, https:\/\/scrapbretagne.fr\/blog\/wp-content\/uploads\/2020\/02\/P2120009-768x512.jpg 768w, https:\/\/scrapbretagne.fr\/blog\/wp-content\/uploads\/2020\/02\/P2120009-600x400.jpg 600w\" sizes=\"auto, (max-width: 1024px) 100vw, 1024px\" \/><\/figure>\n\n\n\n<figure class=\"wp-block-image size-large\"><img loading=\"lazy\" decoding=\"async\" width=\"511\" height=\"768\" data-id=\"2930\" src=\"https:\/\/scrapbretagne.fr\/blog\/wp-content\/uploads\/2020\/02\/P2120007.jpg\" alt=\"\" class=\"wp-image-2930\" srcset=\"https:\/\/scrapbretagne.fr\/blog\/wp-content\/uploads\/2020\/02\/P2120007.jpg 511w, https:\/\/scrapbretagne.fr\/blog\/wp-content\/uploads\/2020\/02\/P2120007-200x300.jpg 200w\" sizes=\"auto, (max-width: 511px) 100vw, 511px\" \/><\/figure>\n\n\n\n<figure class=\"wp-block-image size-large\"><img loading=\"lazy\" decoding=\"async\" width=\"1024\" height=\"682\" data-id=\"2929\" src=\"https:\/\/scrapbretagne.fr\/blog\/wp-content\/uploads\/2020\/02\/P2120006.jpg\" alt=\"\" class=\"wp-image-2929\" srcset=\"https:\/\/scrapbretagne.fr\/blog\/wp-content\/uploads\/2020\/02\/P2120006.jpg 1024w, https:\/\/scrapbretagne.fr\/blog\/wp-content\/uploads\/2020\/02\/P2120006-300x200.jpg 300w, https:\/\/scrapbretagne.fr\/blog\/wp-content\/uploads\/2020\/02\/P2120006-768x512.jpg 768w, https:\/\/scrapbretagne.fr\/blog\/wp-content\/uploads\/2020\/02\/P2120006-600x400.jpg 600w\" sizes=\"auto, (max-width: 1024px) 100vw, 1024px\" \/><\/figure>\n\n\n\n<figure class=\"wp-block-image size-large\"><img loading=\"lazy\" decoding=\"async\" width=\"1024\" height=\"682\" data-id=\"2927\" src=\"https:\/\/scrapbretagne.fr\/blog\/wp-content\/uploads\/2020\/02\/P2120004.jpg\" alt=\"\" class=\"wp-image-2927\" srcset=\"https:\/\/scrapbretagne.fr\/blog\/wp-content\/uploads\/2020\/02\/P2120004.jpg 1024w, https:\/\/scrapbretagne.fr\/blog\/wp-content\/uploads\/2020\/02\/P2120004-300x200.jpg 300w, https:\/\/scrapbretagne.fr\/blog\/wp-content\/uploads\/2020\/02\/P2120004-768x512.jpg 768w, https:\/\/scrapbretagne.fr\/blog\/wp-content\/uploads\/2020\/02\/P2120004-600x400.jpg 600w\" sizes=\"auto, (max-width: 1024px) 100vw, 1024px\" \/><\/figure>\n\n\n\n<figure class=\"wp-block-image size-large\"><img loading=\"lazy\" decoding=\"async\" width=\"511\" height=\"768\" data-id=\"2924\" src=\"https:\/\/scrapbretagne.fr\/blog\/wp-content\/uploads\/2020\/02\/P2120001.jpg\" alt=\"\" class=\"wp-image-2924\" srcset=\"https:\/\/scrapbretagne.fr\/blog\/wp-content\/uploads\/2020\/02\/P2120001.jpg 511w, https:\/\/scrapbretagne.fr\/blog\/wp-content\/uploads\/2020\/02\/P2120001-200x300.jpg 200w\" sizes=\"auto, (max-width: 511px) 100vw, 511px\" \/><\/figure>\n<\/figure>\n\n\n\n<p><\/p>\n\n\n\n<hr class=\"wp-block-separator has-css-opacity\"\/>\n\n\n\n<h2 class=\"wp-block-heading has-text-align-center\"><span style=\"color: #ff6600; font-family: 'calibri', sans-serif;\">&#8211; Week-end KERFANY 2020 &#8211;<\/span><\/h2>\n\n\n\n<p class=\"has-text-align-center\">Le week-end que nous nous r\u00e9servons chaque ann\u00e9e est donc confirm\u00e9 :<\/p>\n\n\n\n<p class=\"has-text-align-center\"><strong>samedi 21 &amp; dimanche 22 Mars 2020<\/strong><\/p>\n\n\n\n<p class=\"has-text-align-center\">\u00e0 Kerfany-les-Pins en MOELAN-SUR-MER au Domaine de Beg Porz.<\/p>\n\n\n\n<p><strong><u>Co\u00fbt du week-end<\/u><\/strong> :<\/p>\n\n\n\n<ul class=\"wp-block-list\">\n<li>Co\u00fbt du s\u00e9jour en pension compl\u00e8te du d\u00eener du samedi 21 au d\u00e9jeuner du dimanche 22 \u2026\u2026\u2026&#8230;&#8230;&#8230;&#8230;&#8230;&#8230;&#8230;&#8230;&#8230;&#8230;&#8230;&#8230;&#8230;&#8230;&#8230;&#8230;&#8230;&#8230;&#8230;&#8230;&#8230;&#8230;70.00 \u20ac<\/li>\n\n\n\n<li>plus une cotisation groupe \u2026\u2026\u2026\u2026\u2026\u2026\u2026..\u2026 6.00 \u20ac par personne <\/li>\n\n\n\n<li>une taxe de s\u00e9jour \u2026\u2026\u2026\u2026\u2026\u2026\u2026\u2026\u2026\u2026\u2026\u2026\u2026. 0.45  \u20ac par jour et par personne<\/li>\n\n\n\n<li> Total par personne&#8230;&#8230;&#8230;&#8230;&#8230;&#8230;&#8230;&#8230;&#8230;&#8230;&#8230;&#8230;&#8230;&#8230; 76.45 \u20ac          <\/li>\n<\/ul>\n\n\n\n<p>&nbsp; &nbsp; &nbsp; &nbsp; &nbsp;En chambre h\u00f4teli\u00e8re (h\u00e9bergement 2 personnes),  <strong>suppl\u00e9ment chambre individuelle :<\/strong>&nbsp;14.00 \u20ac <\/p>\n\n\n\n<p>         Cette ann\u00e9e 2019\/2020, l&#8217;Association prend exceptionnellement en charge la cotisation groupe de                                                                                                          6 \u20ac plus la taxe de s\u00e9jour 0.45 \u20ac.<\/p>\n\n\n\n<p>Le kit pour les adh\u00e9rentes de SCRAP EN BRETAGNE sera \u00e9galement pris en charge par l&#8217;Association. Cette ann\u00e9e, il sera de 20 \u20ac.<\/p>\n\n\n\n<p><strong><u>Le co\u00fbt du s\u00e9jour sera donc de 70 \u20ac<\/u><\/strong>                                                                <strong>plus le suppl\u00e9ment de la chambre individuelle.<\/strong> <\/p>\n\n\n\n<p><em><strong>Af<\/strong><\/em><strong style=\"font-style: italic;\">in de confirmer votre r\u00e9servation et la r\u00e9servation \u00e0 Kerfany<\/strong>, <strong><em>merci <\/em>d&#8217;<em>adresser un ch\u00e8que d&#8217;acompte     de 35 \u20ac&nbsp;\u00e0 Marie-Yvette<\/em><\/strong><\/p>\n\n\n\n<p>                              <em><strong><u>pour le 21 janvier au plus tard<\/u><\/strong><\/em><\/p>\n\n\n\n<p><em>Le pique-nique de midi du samedi 21 mars sera \u00e0 pr\u00e9voir par les participantes.<\/em><\/p>\n\n\n\n<p><strong><u>Proposition financi\u00e8re<\/u><\/strong><strong> :<\/strong><\/p>\n\n\n\n<div class=\"wp-block-group\"><div class=\"wp-block-group__inner-container is-layout-flow wp-block-group-is-layout-flow\">\n<ul class=\"wp-block-list\">\n<li><strong>35 \u20ac \u00e0 la r\u00e9servation<\/strong>     <\/li>\n\n\n\n<li><strong>35 \u20ac pour le 1<sup>er<\/sup>&nbsp;mars 2020 au plus tard<\/strong><\/li>\n\n\n\n<li><strong>avec le suppl\u00e9ment de la chambre individuelle<\/strong> <\/li>\n<\/ul>\n<\/div><\/div>\n\n\n\n<p>Bien amicalement,,<\/p>\n\n\n\n<p>Marie-Yvette<\/p>\n\n\n\n<h2 class=\"wp-block-heading has-text-align-center\"><span style=\"color: #ff6600; font-family: 'calibri', sans-serif;\">&#8211; CROP&nbsp;Inter-assos le 24 Novembre 2019 &#8211;<\/span><\/h2>\n\n\n\n<p><span style=\"color: #000000; font-family: 'calibri', sans-serif;\">Cette crop est organis\u00e9e en collaboration avec les assos de Tourc&#8217;h, Quimperl\u00e9 et Scrap En Bretagne.<\/span><\/p>\n\n\n\n<p><span style=\"color: #000000; font-family: 'calibri', sans-serif;\">Chacune des assos proposera un projet.<\/span><\/p>\n\n\n\n<p><span style=\"color: #ff6600; font-family: 'calibri', sans-serif;\">N&#8217;oubliez pas de valider votre inscription :&nbsp;<a href=\"https:\/\/doodle.com\/poll\/v5c55c5dd76urb3v\">ICI<\/a><\/span><\/p>\n\n\n\n<figure class=\"wp-block-embed\"><div class=\"wp-block-embed__wrapper\">\nhttps:\/\/doodle.com\/poll\/v5c55c5dd76urb3v\n<\/div><\/figure>\n\n\n\n<p><span style=\"color: #000000; font-family: 'calibri', sans-serif;\"><span style=\"text-decoration: underline;\">Les tuto<\/span>s :<\/span><\/p>\n\n\n\n<p><span style=\"color: #000000; font-family: 'calibri', sans-serif;\">Scrap En Bretagne :&nbsp;<span style=\"color: #333399;\"><a href=\"http:\/\/scrapbretagne.fr\/blog\/wp-content\/uploads\/2019\/11\/Tuto-scrap-en-bretagne-album-de-Maryline.pdf\"><span style=\"color: #333399;\">Tuto Album de Maryline<\/span><\/a>&nbsp; +&nbsp;<a href=\"http:\/\/scrapbretagne.fr\/blog\/wp-content\/uploads\/2019\/11\/visuel-atelier-de-Maryline.pdf\"><span style=\"color: #333399;\">visuel atelier de Maryline<\/span><\/a><\/span><\/span><\/p>\n\n\n\n<p><span style=\"color: #000000; font-family: 'calibri', sans-serif;\">Tourc&#8217;h 2 scrap :&nbsp;<span style=\"color: #333399;\"><a href=\"http:\/\/scrapbretagne.fr\/blog\/wp-content\/uploads\/2019\/11\/Tuto-Album-Tourch-Mars-2019.pdf\"><span style=\"color: #333399;\">Tuto Album Mars 2019<\/span><\/a><\/span><\/span><\/p>\n\n\n\n<p><span style=\"color: #000000; font-family: 'calibri', sans-serif;\">Quimperl\u00e9 :&nbsp;<span style=\"color: #333399;\"><a href=\"http:\/\/scrapbretagne.fr\/blog\/wp-content\/uploads\/2019\/11\/Album-Love-CathyScrap-tuto-Quimperl\u00e9.pdf\"><span style=\"color: #333399;\">Tuto Album Love CathyScrap&nbsp;<\/span><\/a><\/span><\/span><\/p>\n\n\n\n<hr class=\"wp-block-separator has-css-opacity\"\/>\n\n\n<hr style=\"width: 625px; color: green; background-color: green; height: 2px;\">\n<h2>07-01-2020 : <span style=\"color: #ff6600;\">Galette des Rois<\/span><\/h2>\n<p><strong>Les Reines du jour<\/strong><\/p>\n<p><a href=\"http:\/\/scrapbretagne.fr\/blog\/?attachment_id=2773\" rel=\"attachment wp-att-2773\"><img loading=\"lazy\" decoding=\"async\" class=\" wp-image-2773\" src=\"http:\/\/scrapbretagne.fr\/blog\/wp-content\/uploads\/2020\/01\/P1071686-Copier-300x200.jpg\" alt=\"\" width=\"255\" height=\"170\" srcset=\"https:\/\/scrapbretagne.fr\/blog\/wp-content\/uploads\/2020\/01\/P1071686-Copier-300x200.jpg 300w, https:\/\/scrapbretagne.fr\/blog\/wp-content\/uploads\/2020\/01\/P1071686-Copier-600x400.jpg 600w, https:\/\/scrapbretagne.fr\/blog\/wp-content\/uploads\/2020\/01\/P1071686-Copier.jpg 640w\" sizes=\"auto, (max-width: 255px) 100vw, 255px\" \/><\/a><a href=\"http:\/\/scrapbretagne.fr\/blog\/?attachment_id=2772\" rel=\"attachment wp-att-2772\"><img loading=\"lazy\" decoding=\"async\" class=\" wp-image-2772\" src=\"http:\/\/scrapbretagne.fr\/blog\/wp-content\/uploads\/2020\/01\/P1071682-Copier-300x200.jpg\" alt=\"\" width=\"257\" height=\"171\" srcset=\"https:\/\/scrapbretagne.fr\/blog\/wp-content\/uploads\/2020\/01\/P1071682-Copier-300x200.jpg 300w, https:\/\/scrapbretagne.fr\/blog\/wp-content\/uploads\/2020\/01\/P1071682-Copier-600x400.jpg 600w, https:\/\/scrapbretagne.fr\/blog\/wp-content\/uploads\/2020\/01\/P1071682-Copier.jpg 640w\" sizes=\"auto, (max-width: 257px) 100vw, 257px\" \/><\/a><\/p>\n<p><a href=\"http:\/\/scrapbretagne.fr\/blog\/?attachment_id=2771\" rel=\"attachment wp-att-2771\"><img loading=\"lazy\" decoding=\"async\" class=\"size-medium wp-image-2771\" src=\"http:\/\/scrapbretagne.fr\/blog\/wp-content\/uploads\/2020\/01\/P1071681-Copier-200x300.jpg\" alt=\"\" width=\"200\" height=\"300\" srcset=\"https:\/\/scrapbretagne.fr\/blog\/wp-content\/uploads\/2020\/01\/P1071681-Copier-200x300.jpg 200w, https:\/\/scrapbretagne.fr\/blog\/wp-content\/uploads\/2020\/01\/P1071681-Copier.jpg 320w\" sizes=\"auto, (max-width: 200px) 100vw, 200px\" \/><\/a><a href=\"http:\/\/scrapbretagne.fr\/blog\/?attachment_id=2770\" rel=\"attachment wp-att-2770\"><img loading=\"lazy\" decoding=\"async\" class=\"size-medium wp-image-2770\" src=\"http:\/\/scrapbretagne.fr\/blog\/wp-content\/uploads\/2020\/01\/P1071680-Copier-200x300.jpg\" alt=\"\" width=\"200\" height=\"300\" srcset=\"https:\/\/scrapbretagne.fr\/blog\/wp-content\/uploads\/2020\/01\/P1071680-Copier-200x300.jpg 200w, https:\/\/scrapbretagne.fr\/blog\/wp-content\/uploads\/2020\/01\/P1071680-Copier.jpg 320w\" sizes=\"auto, (max-width: 200px) 100vw, 200px\" \/><\/a><\/p>\n<p><a href=\"http:\/\/scrapbretagne.fr\/blog\/?attachment_id=2768\" rel=\"attachment wp-att-2768\"><img loading=\"lazy\" decoding=\"async\" class=\"size-medium wp-image-2768\" src=\"http:\/\/scrapbretagne.fr\/blog\/wp-content\/uploads\/2020\/01\/P1071678-Copier-300x200.jpg\" alt=\"\" width=\"300\" height=\"200\" srcset=\"https:\/\/scrapbretagne.fr\/blog\/wp-content\/uploads\/2020\/01\/P1071678-Copier-300x200.jpg 300w, https:\/\/scrapbretagne.fr\/blog\/wp-content\/uploads\/2020\/01\/P1071678-Copier-600x400.jpg 600w, https:\/\/scrapbretagne.fr\/blog\/wp-content\/uploads\/2020\/01\/P1071678-Copier.jpg 640w\" sizes=\"auto, (max-width: 300px) 100vw, 300px\" \/><\/a><a href=\"http:\/\/scrapbretagne.fr\/blog\/?attachment_id=2767\" rel=\"attachment wp-att-2767\"><img loading=\"lazy\" decoding=\"async\" class=\"size-medium wp-image-2767\" src=\"http:\/\/scrapbretagne.fr\/blog\/wp-content\/uploads\/2020\/01\/P1071677-Copier-200x300.jpg\" alt=\"\" width=\"200\" height=\"300\" srcset=\"https:\/\/scrapbretagne.fr\/blog\/wp-content\/uploads\/2020\/01\/P1071677-Copier-200x300.jpg 200w, https:\/\/scrapbretagne.fr\/blog\/wp-content\/uploads\/2020\/01\/P1071677-Copier.jpg 320w\" sizes=\"auto, (max-width: 200px) 100vw, 200px\" \/><\/a><\/p>\n<p><a href=\"http:\/\/scrapbretagne.fr\/blog\/?attachment_id=2766\" rel=\"attachment wp-att-2766\"><img loading=\"lazy\" decoding=\"async\" class=\"size-medium wp-image-2766\" src=\"http:\/\/scrapbretagne.fr\/blog\/wp-content\/uploads\/2020\/01\/P1071676-Copier-200x300.jpg\" alt=\"\" width=\"200\" height=\"300\" srcset=\"https:\/\/scrapbretagne.fr\/blog\/wp-content\/uploads\/2020\/01\/P1071676-Copier-200x300.jpg 200w, https:\/\/scrapbretagne.fr\/blog\/wp-content\/uploads\/2020\/01\/P1071676-Copier.jpg 320w\" sizes=\"auto, (max-width: 200px) 100vw, 200px\" \/><\/a><a href=\"http:\/\/scrapbretagne.fr\/blog\/?attachment_id=2765\" rel=\"attachment wp-att-2765\"><img loading=\"lazy\" decoding=\"async\" class=\"size-medium wp-image-2765\" src=\"http:\/\/scrapbretagne.fr\/blog\/wp-content\/uploads\/2020\/01\/P1071675-Copier-200x300.jpg\" alt=\"\" width=\"200\" height=\"300\" srcset=\"https:\/\/scrapbretagne.fr\/blog\/wp-content\/uploads\/2020\/01\/P1071675-Copier-200x300.jpg 200w, https:\/\/scrapbretagne.fr\/blog\/wp-content\/uploads\/2020\/01\/P1071675-Copier.jpg 320w\" sizes=\"auto, (max-width: 200px) 100vw, 200px\" \/><\/a><\/p>\n<p><a href=\"http:\/\/scrapbretagne.fr\/blog\/?attachment_id=2764\" rel=\"attachment wp-att-2764\"><img loading=\"lazy\" decoding=\"async\" class=\" wp-image-2764\" src=\"http:\/\/scrapbretagne.fr\/blog\/wp-content\/uploads\/2020\/01\/P1071673-Copier-300x200.jpg\" alt=\"\" width=\"255\" height=\"170\" srcset=\"https:\/\/scrapbretagne.fr\/blog\/wp-content\/uploads\/2020\/01\/P1071673-Copier-300x200.jpg 300w, https:\/\/scrapbretagne.fr\/blog\/wp-content\/uploads\/2020\/01\/P1071673-Copier-600x400.jpg 600w, https:\/\/scrapbretagne.fr\/blog\/wp-content\/uploads\/2020\/01\/P1071673-Copier.jpg 640w\" sizes=\"auto, (max-width: 255px) 100vw, 255px\" \/><\/a><a href=\"http:\/\/scrapbretagne.fr\/blog\/?attachment_id=2760\" rel=\"attachment wp-att-2760\"><img loading=\"lazy\" decoding=\"async\" class=\" wp-image-2760\" src=\"http:\/\/scrapbretagne.fr\/blog\/wp-content\/uploads\/2020\/01\/P1071668-Copier-300x200.jpg\" alt=\"\" width=\"255\" height=\"170\" srcset=\"https:\/\/scrapbretagne.fr\/blog\/wp-content\/uploads\/2020\/01\/P1071668-Copier-300x200.jpg 300w, https:\/\/scrapbretagne.fr\/blog\/wp-content\/uploads\/2020\/01\/P1071668-Copier-600x400.jpg 600w, https:\/\/scrapbretagne.fr\/blog\/wp-content\/uploads\/2020\/01\/P1071668-Copier.jpg 640w\" sizes=\"auto, (max-width: 255px) 100vw, 255px\" \/><\/a><\/p>\n<hr style=\"width: 625px; color: green; background-color: green; height: 2px;\">\n<h2>05-01-2016 : <span style=\"color: #ff6600;\">Galette des Rois<\/span><\/h2>\n<p><br style=\"font: 13px\/normal arial, sans-serif; color: #500050; text-transform: none; text-indent: 0px; letter-spacing: normal; word-spacing: 0px; white-space: normal; background-color: #ffffff; -webkit-text-stroke-width: 0px;\"><a href=\"http:\/\/scrapbretagne.fr\/blog\/wp-content\/uploads\/2014\/12\/P1051599.jpg\"><img loading=\"lazy\" decoding=\"async\" class=\"alignnone size-medium wp-image-1568\" src=\"http:\/\/scrapbretagne.fr\/blog\/wp-content\/uploads\/2014\/12\/P1051599-300x200.jpg\" alt=\"OLYMPUS DIGITAL CAMERA\" width=\"300\" height=\"200\" srcset=\"https:\/\/scrapbretagne.fr\/blog\/wp-content\/uploads\/2014\/12\/P1051599-300x200.jpg 300w, https:\/\/scrapbretagne.fr\/blog\/wp-content\/uploads\/2014\/12\/P1051599-1024x682.jpg 1024w, https:\/\/scrapbretagne.fr\/blog\/wp-content\/uploads\/2014\/12\/P1051599-600x400.jpg 600w\" sizes=\"auto, (max-width: 300px) 100vw, 300px\" \/><\/a> <a href=\"http:\/\/scrapbretagne.fr\/blog\/wp-content\/uploads\/2014\/12\/P1051590.jpg\"><img loading=\"lazy\" decoding=\"async\" class=\"alignnone size-medium wp-image-1569\" src=\"http:\/\/scrapbretagne.fr\/blog\/wp-content\/uploads\/2014\/12\/P1051590-300x200.jpg\" alt=\"OLYMPUS DIGITAL CAMERA\" width=\"300\" height=\"200\" srcset=\"https:\/\/scrapbretagne.fr\/blog\/wp-content\/uploads\/2014\/12\/P1051590-300x200.jpg 300w, https:\/\/scrapbretagne.fr\/blog\/wp-content\/uploads\/2014\/12\/P1051590-1024x682.jpg 1024w, https:\/\/scrapbretagne.fr\/blog\/wp-content\/uploads\/2014\/12\/P1051590-600x400.jpg 600w\" sizes=\"auto, (max-width: 300px) 100vw, 300px\" \/><\/a><\/p>\n<p><a href=\"http:\/\/scrapbretagne.fr\/blog\/wp-content\/uploads\/2014\/12\/P1051592.jpg\"><img loading=\"lazy\" decoding=\"async\" class=\"alignnone size-medium wp-image-1570\" src=\"http:\/\/scrapbretagne.fr\/blog\/wp-content\/uploads\/2014\/12\/P1051592-300x200.jpg\" alt=\"OLYMPUS DIGITAL CAMERA\" width=\"300\" height=\"200\" srcset=\"https:\/\/scrapbretagne.fr\/blog\/wp-content\/uploads\/2014\/12\/P1051592-300x200.jpg 300w, https:\/\/scrapbretagne.fr\/blog\/wp-content\/uploads\/2014\/12\/P1051592-1024x682.jpg 1024w, https:\/\/scrapbretagne.fr\/blog\/wp-content\/uploads\/2014\/12\/P1051592-600x400.jpg 600w\" sizes=\"auto, (max-width: 300px) 100vw, 300px\" \/><\/a> <a href=\"http:\/\/scrapbretagne.fr\/blog\/wp-content\/uploads\/2014\/12\/P1051596.jpg\"><img loading=\"lazy\" decoding=\"async\" class=\"alignnone size-medium wp-image-1571\" src=\"http:\/\/scrapbretagne.fr\/blog\/wp-content\/uploads\/2014\/12\/P1051596-300x200.jpg\" alt=\"OLYMPUS DIGITAL CAMERA\" width=\"300\" height=\"200\" srcset=\"https:\/\/scrapbretagne.fr\/blog\/wp-content\/uploads\/2014\/12\/P1051596-300x200.jpg 300w, https:\/\/scrapbretagne.fr\/blog\/wp-content\/uploads\/2014\/12\/P1051596-1024x682.jpg 1024w, https:\/\/scrapbretagne.fr\/blog\/wp-content\/uploads\/2014\/12\/P1051596-600x400.jpg 600w\" sizes=\"auto, (max-width: 300px) 100vw, 300px\" \/><\/a><\/p>\n<hr style=\"width: 625px; color: green; background-color: green; height: 2px;\">\n<h2>16-12-2014 : <span style=\"color: #ff6600;\">Bons Anniversaires Mimi et Yvette<\/span><\/h2>\n<p><span style=\"font: 13px\/normal arial, sans-serif; color: #500050; text-transform: none; text-indent: 0px; letter-spacing: normal; word-spacing: 0px; float: none; display: inline !important; white-space: normal; background-color: #ffffff; -webkit-text-stroke-width: 0px;\">Mardi dernier, nous avons f\u00eat\u00e9 les anniversaires de Novembre avec Mimi et <\/span><span style=\"font: 13px\/normal arial, sans-serif; color: #500050; text-transform: none; text-indent: 0px; letter-spacing: normal; word-spacing: 0px; float: none; display: inline !important; white-space: normal; background-color: #ffffff; -webkit-text-stroke-width: 0px;\">Yvette.<\/span><br style=\"font: 13px\/normal arial, sans-serif; color: #500050; text-transform: none; text-indent: 0px; letter-spacing: normal; word-spacing: 0px; white-space: normal; background-color: #ffffff; -webkit-text-stroke-width: 0px;\"><span style=\"font: 13px\/normal arial, sans-serif; color: #500050; text-transform: none; text-indent: 0px; letter-spacing: normal; word-spacing: 0px; float: none; display: inline !important; white-space: normal; background-color: #ffffff; -webkit-text-stroke-width: 0px;\">Nous \u00e9tions une poign\u00e9e de scrapeuses \u00e0 partager les d\u00e9licieux g\u00e2teaux.<\/span><br style=\"font: 13px\/normal arial, sans-serif; color: #500050; text-transform: none; text-indent: 0px; letter-spacing: normal; word-spacing: 0px; white-space: normal; background-color: #ffffff; -webkit-text-stroke-width: 0px;\"><span style=\"font: 13px\/normal arial, sans-serif; color: #500050; text-transform: none; text-indent: 0px; letter-spacing: normal; word-spacing: 0px; float: none; display: inline !important; white-space: normal; background-color: #ffffff; -webkit-text-stroke-width: 0px;\">Dommage pour les autres &#8230;<\/span><br style=\"font: 13px\/normal arial, sans-serif; color: #500050; text-transform: none; text-indent: 0px; letter-spacing: normal; word-spacing: 0px; white-space: normal; background-color: #ffffff; -webkit-text-stroke-width: 0px;\"><br style=\"font: 13px\/normal arial, sans-serif; color: #500050; text-transform: none; text-indent: 0px; letter-spacing: normal; word-spacing: 0px; white-space: normal; background-color: #ffffff; -webkit-text-stroke-width: 0px;\"><span style=\"font: 13px\/normal arial, sans-serif; color: #500050; text-transform: none; text-indent: 0px; letter-spacing: normal; word-spacing: 0px; float: none; display: inline !important; white-space: normal; background-color: #ffffff; -webkit-text-stroke-width: 0px;\">Certaines recettes comme le &#8220;TOUPIF&#8221; de Mimi ont \u00e9tonn\u00e9 plus d&#8217;une !<\/span><\/p>\n<p><a href=\"http:\/\/scrapbretagne.fr\/blog\/wp-content\/uploads\/2014\/12\/2014-12-16-Anniversaire-Mimi-et-Yvette-8.jpg\"><img loading=\"lazy\" decoding=\"async\" class=\"alignnone size-medium wp-image-645\" src=\"http:\/\/scrapbretagne.fr\/blog\/wp-content\/uploads\/2014\/12\/2014-12-16-Anniversaire-Mimi-et-Yvette-8-300x199.jpg\" alt=\"2014-12-16 Anniversaire-Mimi et Yvette - 8\" width=\"300\" height=\"199\" srcset=\"https:\/\/scrapbretagne.fr\/blog\/wp-content\/uploads\/2014\/12\/2014-12-16-Anniversaire-Mimi-et-Yvette-8-300x199.jpg 300w, https:\/\/scrapbretagne.fr\/blog\/wp-content\/uploads\/2014\/12\/2014-12-16-Anniversaire-Mimi-et-Yvette-8.jpg 425w\" sizes=\"auto, (max-width: 300px) 100vw, 300px\" \/><\/a> <a href=\"http:\/\/scrapbretagne.fr\/blog\/wp-content\/uploads\/2014\/12\/2014-12-16-Anniversaire-Mimi-et-Yvette-5.jpg\"><img loading=\"lazy\" decoding=\"async\" class=\"alignnone size-medium wp-image-644\" src=\"http:\/\/scrapbretagne.fr\/blog\/wp-content\/uploads\/2014\/12\/2014-12-16-Anniversaire-Mimi-et-Yvette-5-300x198.jpg\" alt=\"2014-12-16 Anniversaire-Mimi et Yvette - 5\" width=\"300\" height=\"198\" srcset=\"https:\/\/scrapbretagne.fr\/blog\/wp-content\/uploads\/2014\/12\/2014-12-16-Anniversaire-Mimi-et-Yvette-5-300x198.jpg 300w, https:\/\/scrapbretagne.fr\/blog\/wp-content\/uploads\/2014\/12\/2014-12-16-Anniversaire-Mimi-et-Yvette-5-1024x678.jpg 1024w, https:\/\/scrapbretagne.fr\/blog\/wp-content\/uploads\/2014\/12\/2014-12-16-Anniversaire-Mimi-et-Yvette-5-600x397.jpg 600w\" sizes=\"auto, (max-width: 300px) 100vw, 300px\" \/><\/a> <a href=\"http:\/\/scrapbretagne.fr\/blog\/wp-content\/uploads\/2014\/12\/2014-12-16-Anniversaire-Mimi-et-Yvette-4.jpg\"><img loading=\"lazy\" decoding=\"async\" class=\"size-medium wp-image-643 aligncenter\" src=\"http:\/\/scrapbretagne.fr\/blog\/wp-content\/uploads\/2014\/12\/2014-12-16-Anniversaire-Mimi-et-Yvette-4-300x199.jpg\" alt=\"2014-12-16 Anniversaire-Mimi et Yvette - 4\" width=\"300\" height=\"199\" srcset=\"https:\/\/scrapbretagne.fr\/blog\/wp-content\/uploads\/2014\/12\/2014-12-16-Anniversaire-Mimi-et-Yvette-4-300x199.jpg 300w, https:\/\/scrapbretagne.fr\/blog\/wp-content\/uploads\/2014\/12\/2014-12-16-Anniversaire-Mimi-et-Yvette-4.jpg 425w\" sizes=\"auto, (max-width: 300px) 100vw, 300px\" \/><\/a><\/p>\n<p><span style=\"color: #500050; font-family: Arial; font-size: small;\">En attendant les recettes&#8230; le plaisir des yeux<\/span><\/p>\n<p><a href=\"http:\/\/scrapbretagne.fr\/blog\/wp-content\/uploads\/2014\/12\/2014-12-16-Anniversaire-Mimi-et-Yvette-6.jpg\"><img loading=\"lazy\" decoding=\"async\" class=\"alignnone size-medium wp-image-646\" src=\"http:\/\/scrapbretagne.fr\/blog\/wp-content\/uploads\/2014\/12\/2014-12-16-Anniversaire-Mimi-et-Yvette-6-300x199.jpg\" alt=\"2014-12-16 Anniversaire-Mimi et Yvette - 6\" width=\"300\" height=\"199\" srcset=\"https:\/\/scrapbretagne.fr\/blog\/wp-content\/uploads\/2014\/12\/2014-12-16-Anniversaire-Mimi-et-Yvette-6-300x199.jpg 300w, https:\/\/scrapbretagne.fr\/blog\/wp-content\/uploads\/2014\/12\/2014-12-16-Anniversaire-Mimi-et-Yvette-6.jpg 425w\" sizes=\"auto, (max-width: 300px) 100vw, 300px\" \/><\/a>&nbsp;<a href=\"http:\/\/scrapbretagne.fr\/blog\/wp-content\/uploads\/2014\/12\/2014-12-16-Anniversaire-Mimi-et-Yvette-3.jpg\"><img loading=\"lazy\" decoding=\"async\" class=\"alignnone size-medium wp-image-642\" src=\"http:\/\/scrapbretagne.fr\/blog\/wp-content\/uploads\/2014\/12\/2014-12-16-Anniversaire-Mimi-et-Yvette-3-300x199.jpg\" alt=\"2014-12-16 Anniversaire-Mimi et Yvette - 3\" width=\"300\" height=\"199\" srcset=\"https:\/\/scrapbretagne.fr\/blog\/wp-content\/uploads\/2014\/12\/2014-12-16-Anniversaire-Mimi-et-Yvette-3-300x199.jpg 300w, https:\/\/scrapbretagne.fr\/blog\/wp-content\/uploads\/2014\/12\/2014-12-16-Anniversaire-Mimi-et-Yvette-3.jpg 425w\" sizes=\"auto, (max-width: 300px) 100vw, 300px\" \/><\/a><a href=\"http:\/\/scrapbretagne.fr\/blog\/wp-content\/uploads\/2014\/12\/2014-12-16-Anniversaire-Mimi-et-Yvette-2.jpg\"><img loading=\"lazy\" decoding=\"async\" class=\"alignnone size-medium wp-image-641\" src=\"http:\/\/scrapbretagne.fr\/blog\/wp-content\/uploads\/2014\/12\/2014-12-16-Anniversaire-Mimi-et-Yvette-2-300x199.jpg\" alt=\"2014-12-16 Anniversaire-Mimi et Yvette - 2\" width=\"300\" height=\"199\" srcset=\"https:\/\/scrapbretagne.fr\/blog\/wp-content\/uploads\/2014\/12\/2014-12-16-Anniversaire-Mimi-et-Yvette-2-300x199.jpg 300w, https:\/\/scrapbretagne.fr\/blog\/wp-content\/uploads\/2014\/12\/2014-12-16-Anniversaire-Mimi-et-Yvette-2.jpg 425w\" sizes=\"auto, (max-width: 300px) 100vw, 300px\" \/><\/a>&nbsp;<a href=\"http:\/\/scrapbretagne.fr\/blog\/wp-content\/uploads\/2014\/12\/2014-12-16-Anniversaire-Mimi-et-Yvette-1.jpg\"><img loading=\"lazy\" decoding=\"async\" class=\"alignnone size-medium wp-image-652\" src=\"http:\/\/scrapbretagne.fr\/blog\/wp-content\/uploads\/2014\/12\/2014-12-16-Anniversaire-Mimi-et-Yvette-1-300x199.jpg\" alt=\"2014-12-16 Anniversaire-Mimi et Yvette - 1\" width=\"300\" height=\"199\" srcset=\"https:\/\/scrapbretagne.fr\/blog\/wp-content\/uploads\/2014\/12\/2014-12-16-Anniversaire-Mimi-et-Yvette-1-300x199.jpg 300w, https:\/\/scrapbretagne.fr\/blog\/wp-content\/uploads\/2014\/12\/2014-12-16-Anniversaire-Mimi-et-Yvette-1.jpg 425w\" sizes=\"auto, (max-width: 300px) 100vw, 300px\" \/><\/a><\/p>\n<h2 style=\"text-align: left;\"><span style=\"color: #ff6600;\">Recette du Toupif :<\/span><\/h2>\n<p><span style=\"color: #500050; font-family: Arial; font-size: small;\"><br \/>1 l de lait<br \/>1 baguette de vieux pain<br \/>3 \u0153ufs<br \/>Sucre \u00e0 votre convenance<br \/>Alcool \u00e0 votre convenance<br \/>Raisins secs ou pruneaux ou fruits confits<\/span><\/p>\n<p><span style=\"color: #500050; font-family: Arial; font-size: small;\">&#8211; Faire tremper les raisins dans l&#8217;alcool<br \/>&#8211; Bien faire tremper le pain dans le lait tr\u00e8s chaud puis le r\u00e9duire&nbsp;en bouillie<br \/>&#8211; Ajouter les \u0153ufs battus avec le sucre puis l&#8217;alcool et les raisins secs<br \/>&#8211; Verser le tout dans un plat bien beurr\u00e9<br \/>&#8211; Enfourner 40 mn environ (moi je le retire d\u00e8s qu&#8217;il est bien dor\u00e9)<br \/><\/span><\/p>\n<p><span style=\"color: #500050; font-family: Arial; font-size: small;\">Bon g\u00e2teau qui peut remplir des estomacs affam\u00e9s.<\/span><\/p>\n<p><span style=\"color: #500050; font-family: Arial; font-size: small;\">bon app\u00e9tit et \u00e0 +<\/span><\/p>\n<p><span style=\"color: #500050; font-family: Arial; font-size: small;\">Bises Mimi.<\/span><\/p>\n\n\n<div class=\"wp-block-group\"><div class=\"wp-block-group__inner-container is-layout-flow wp-block-group-is-layout-flow\"><\/div><\/div>\n\n\n\n<hr class=\"wp-block-separator has-css-opacity\"\/>\n","protected":false},"excerpt":{"rendered":"<p>&#8211; Week-end KERFANY les 5 et 6 avril 2025 &#8211; &#8211; Week-end KERFANY les 23 et 24 mars 2024 &#8211; La plaquette 2024 \u00e0 imprimer par vos soins avant le week-end &#8211; Week-end KERFANY des 15 et 16 avril 2023 &#8211; La plaquette y compris les annexes Bonne pr\u00e9paration !!! Plaquette Kerfany 2023 : \u00e0&hellip; <a href=\"https:\/\/scrapbretagne.fr\/blog\/?page_id=647\" class=\"more-link\">Lire la suite <span class=\"screen-reader-text\">Ev\u00e8nements plus anciens<\/span><\/a><\/p>\n","protected":false},"author":3,"featured_media":0,"parent":762,"menu_order":0,"comment_status":"closed","ping_status":"closed","template":"","meta":{"footnotes":""},"class_list":["post-647","page","type-page","status-publish","hentry","without-featured-image"],"_links":{"self":[{"href":"https:\/\/scrapbretagne.fr\/blog\/index.php?rest_route=\/wp\/v2\/pages\/647","targetHints":{"allow":["GET"]}}],"collection":[{"href":"https:\/\/scrapbretagne.fr\/blog\/index.php?rest_route=\/wp\/v2\/pages"}],"about":[{"href":"https:\/\/scrapbretagne.fr\/blog\/index.php?rest_route=\/wp\/v2\/types\/page"}],"author":[{"embeddable":true,"href":"https:\/\/scrapbretagne.fr\/blog\/index.php?rest_route=\/wp\/v2\/users\/3"}],"replies":[{"embeddable":true,"href":"https:\/\/scrapbretagne.fr\/blog\/index.php?rest_route=%2Fwp%2Fv2%2Fcomments&post=647"}],"version-history":[{"count":24,"href":"https:\/\/scrapbretagne.fr\/blog\/index.php?rest_route=\/wp\/v2\/pages\/647\/revisions"}],"predecessor-version":[{"id":7242,"href":"https:\/\/scrapbretagne.fr\/blog\/index.php?rest_route=\/wp\/v2\/pages\/647\/revisions\/7242"}],"up":[{"embeddable":true,"href":"https:\/\/scrapbretagne.fr\/blog\/index.php?rest_route=\/wp\/v2\/pages\/762"}],"wp:attachment":[{"href":"https:\/\/scrapbretagne.fr\/blog\/index.php?rest_route=%2Fwp%2Fv2%2Fmedia&parent=647"}],"curies":[{"name":"wp","href":"https:\/\/api.w.org\/{rel}","templated":true}]}}